{"version":"1.0","provider_name":"FestivalChairs","provider_url":"https:\/\/festivalchairs.com\/sv\/","author_name":"Lisanne de Goeij","author_url":"https:\/\/festivalchairs.com\/sv\/author\/lisanne-de-goeij\/","title":"Vidare till \u00e4nnu fler fantastiska samarbeten! - FestivalChairs","type":"rich","width":600,"height":338,"html":"<blockquote class=\"wp-embedded-content\" data-secret=\"SSPtcJfi9B\"><a href=\"https:\/\/festivalchairs.com\/sv\/testimonial\/vidare-till-annu-fler-fantastiska-samarbeten\/\">Vidare till \u00e4nnu fler fantastiska samarbeten!<\/a><\/blockquote><iframe sandbox=\"allow-scripts\" security=\"restricted\" src=\"https:\/\/festivalchairs.com\/sv\/testimonial\/vidare-till-annu-fler-fantastiska-samarbeten\/embed\/#?secret=SSPtcJfi9B\" width=\"600\" height=\"338\" title=\"&#8220;Vidare till \u00e4nnu fler fantastiska samarbeten!&#8221; &#8212; FestivalChairs\" data-secret=\"SSPtcJfi9B\" frameborder=\"0\" marginwidth=\"0\" marginheight=\"0\" scrolling=\"no\" class=\"wp-embedded-content\"><\/iframe><script type=\"text\/javascript\">\n\/* <![CDATA[ *\/\n\/*! This file is auto-generated *\/\n!function(d,l){\"use strict\";l.querySelector&&d.addEventListener&&\"undefined\"!=typeof URL&&(d.wp=d.wp||{},d.wp.receiveEmbedMessage||(d.wp.receiveEmbedMessage=function(e){var t=e.data;if((t||t.secret||t.message||t.value)&&!\/[^a-zA-Z0-9]\/.test(t.secret)){for(var s,r,n,a=l.querySelectorAll('iframe[data-secret=\"'+t.secret+'\"]'),o=l.querySelectorAll('blockquote[data-secret=\"'+t.secret+'\"]'),c=new RegExp(\"^https?:$\",\"i\"),i=0;i<o.length;i++)o[i].style.display=\"none\";for(i=0;i<a.length;i++)s=a[i],e.source===s.contentWindow&&(s.removeAttribute(\"style\"),\"height\"===t.message?(1e3<(r=parseInt(t.value,10))?r=1e3:~~r<200&&(r=200),s.height=r):\"link\"===t.message&&(r=new URL(s.getAttribute(\"src\")),n=new URL(t.value),c.test(n.protocol))&&n.host===r.host&&l.activeElement===s&&(d.top.location.href=t.value))}},d.addEventListener(\"message\",d.wp.receiveEmbedMessage,!1),l.addEventListener(\"DOMContentLoaded\",function(){for(var e,t,s=l.querySelectorAll(\"iframe.wp-embedded-content\"),r=0;r<s.length;r++)(t=(e=s[r]).getAttribute(\"data-secret\"))||(t=Math.random().toString(36).substring(2,12),e.src+=\"#?secret=\"+t,e.setAttribute(\"data-secret\",t)),e.contentWindow.postMessage({message:\"ready\",secret:t},\"*\")},!1)))}(window,document);\n\/\/# sourceURL=https:\/\/festivalchairs.com\/wp-includes\/js\/wp-embed.min.js\n\/* ]]> *\/\n<\/script>\n","description":"Vilken passion Tim l\u00e4gger i sitt arbete och sitt varum\u00e4rke. Vi har haft FestivalChairs hos oss flera g\u00e5nger, varje g\u00e5ng med en ny design. Bes\u00f6kare reagerar mycket positivt, och det \u00e4r alltid ett \u00f6verraskningsmoment n\u00e4r FestivalChairs st\u00e5r redo i salen."}